{"id":6,"date":"2024-04-24T10:08:24","date_gmt":"2024-04-24T10:08:24","guid":{"rendered":"https:\/\/www.aleksandra-dergacova.fr\/?page_id=6"},"modified":"2024-07-31T21:56:14","modified_gmt":"2024-07-31T21:56:14","slug":"photographie-artiviste","status":"publish","type":"page","link":"https:\/\/www.aleksandra-dergacova.fr\/?page_id=6","title":{"rendered":"mouvements \/ \u00e9v\u00e9nements \/ presse \/ vid\u00e9o"},"content":{"rendered":"\n<div class=\"wp-block-columns is-layout-flex wp-container-core-columns-is-layout-28f84493 wp-block-columns-is-layout-flex\">\n<div class=\"wp-block-column is-layout-flow wp-block-column-is-layout-flow\">\n<figure class=\"wp-block-image size-large is-resized\"><img loading=\"lazy\" decoding=\"async\" width=\"1024\" height=\"683\" src=\"https:\/\/www.aleksandra-dergacova.fr\/wp-content\/uploads\/2024\/04\/IMG_0572-1024x683.jpeg\" alt=\"\" class=\"wp-image-61\" style=\"width:535px;height:auto\" srcset=\"https:\/\/www.aleksandra-dergacova.fr\/wp-content\/uploads\/2024\/04\/IMG_0572-1024x683.jpeg 1024w, https:\/\/www.aleksandra-dergacova.fr\/wp-content\/uploads\/2024\/04\/IMG_0572-300x200.jpeg 300w, https:\/\/www.aleksandra-dergacova.fr\/wp-content\/uploads\/2024\/04\/IMG_0572-768x512.jpeg 768w, https:\/\/www.aleksandra-dergacova.fr\/wp-content\/uploads\/2024\/04\/IMG_0572-1536x1024.jpeg 1536w, https:\/\/www.aleksandra-dergacova.fr\/wp-content\/uploads\/2024\/04\/IMG_0572-2048x1365.jpeg 2048w\" sizes=\"auto, (max-width: 1024px) 100vw, 1024px\" \/><figcaption class=\"wp-element-caption\">manifestation antifasciste , Saint-Brieuc, Avril 2024 <\/figcaption><\/figure>\n\n\n\n<blockquote class=\"wp-block-quote is-layout-flow wp-block-quote-is-layout-flow\">\n<p><strong>Photographie des mouvements de r\u00e9sistance<\/strong><\/p>\n<\/blockquote>\n\n\n\n<figure class=\"wp-block-image size-large is-resized\"><img loading=\"lazy\" decoding=\"async\" width=\"1024\" height=\"735\" src=\"https:\/\/www.aleksandra-dergacova.fr\/wp-content\/uploads\/2024\/07\/SDT_manif-vendredi-faucheur_Aleksandra-Dergacova--1024x735.jpeg\" alt=\"\" class=\"wp-image-233\" style=\"width:623px;height:auto\" srcset=\"https:\/\/www.aleksandra-dergacova.fr\/wp-content\/uploads\/2024\/07\/SDT_manif-vendredi-faucheur_Aleksandra-Dergacova--1024x735.jpeg 1024w, https:\/\/www.aleksandra-dergacova.fr\/wp-content\/uploads\/2024\/07\/SDT_manif-vendredi-faucheur_Aleksandra-Dergacova--300x215.jpeg 300w, https:\/\/www.aleksandra-dergacova.fr\/wp-content\/uploads\/2024\/07\/SDT_manif-vendredi-faucheur_Aleksandra-Dergacova--768x551.jpeg 768w, https:\/\/www.aleksandra-dergacova.fr\/wp-content\/uploads\/2024\/07\/SDT_manif-vendredi-faucheur_Aleksandra-Dergacova--1536x1102.jpeg 1536w, https:\/\/www.aleksandra-dergacova.fr\/wp-content\/uploads\/2024\/07\/SDT_manif-vendredi-faucheur_Aleksandra-Dergacova--2048x1469.jpeg 2048w\" sizes=\"auto, (max-width: 1024px) 100vw, 1024px\" \/><figcaption class=\"wp-element-caption\">manifestations contre les m\u00e9gabassines \/ Village de l&rsquo;eau, juillet 2024<\/figcaption><\/figure>\n\n\n\n<figure class=\"wp-block-image size-large is-resized\"><img loading=\"lazy\" decoding=\"async\" width=\"1024\" height=\"683\" src=\"https:\/\/www.aleksandra-dergacova.fr\/wp-content\/uploads\/2024\/07\/SDT_village_Aleksandra-Dergacova-1024x683.jpeg\" alt=\"\" class=\"wp-image-235\" style=\"width:623px;height:auto\" srcset=\"https:\/\/www.aleksandra-dergacova.fr\/wp-content\/uploads\/2024\/07\/SDT_village_Aleksandra-Dergacova-1024x683.jpeg 1024w, https:\/\/www.aleksandra-dergacova.fr\/wp-content\/uploads\/2024\/07\/SDT_village_Aleksandra-Dergacova-300x200.jpeg 300w, https:\/\/www.aleksandra-dergacova.fr\/wp-content\/uploads\/2024\/07\/SDT_village_Aleksandra-Dergacova-768x512.jpeg 768w, https:\/\/www.aleksandra-dergacova.fr\/wp-content\/uploads\/2024\/07\/SDT_village_Aleksandra-Dergacova-1536x1024.jpeg 1536w, https:\/\/www.aleksandra-dergacova.fr\/wp-content\/uploads\/2024\/07\/SDT_village_Aleksandra-Dergacova-2048x1365.jpeg 2048w\" sizes=\"auto, (max-width: 1024px) 100vw, 1024px\" \/><figcaption class=\"wp-element-caption\">manifestations contre les m\u00e9gabassines \/ Village de l&rsquo;eau, juillet 2024<\/figcaption><\/figure>\n\n\n\n<figure class=\"wp-block-image size-large is-resized\"><img loading=\"lazy\" decoding=\"async\" width=\"1024\" height=\"649\" src=\"https:\/\/www.aleksandra-dergacova.fr\/wp-content\/uploads\/2024\/07\/SDT_manif-samedi_Aleksandra-Dergacova-7.jpeg-1024x649.jpeg\" alt=\"\" class=\"wp-image-234\" style=\"width:623px;height:auto\" srcset=\"https:\/\/www.aleksandra-dergacova.fr\/wp-content\/uploads\/2024\/07\/SDT_manif-samedi_Aleksandra-Dergacova-7.jpeg-1024x649.jpeg 1024w, https:\/\/www.aleksandra-dergacova.fr\/wp-content\/uploads\/2024\/07\/SDT_manif-samedi_Aleksandra-Dergacova-7.jpeg-300x190.jpeg 300w, https:\/\/www.aleksandra-dergacova.fr\/wp-content\/uploads\/2024\/07\/SDT_manif-samedi_Aleksandra-Dergacova-7.jpeg-768x487.jpeg 768w, https:\/\/www.aleksandra-dergacova.fr\/wp-content\/uploads\/2024\/07\/SDT_manif-samedi_Aleksandra-Dergacova-7.jpeg-1536x974.jpeg 1536w, https:\/\/www.aleksandra-dergacova.fr\/wp-content\/uploads\/2024\/07\/SDT_manif-samedi_Aleksandra-Dergacova-7.jpeg-2048x1299.jpeg 2048w\" sizes=\"auto, (max-width: 1024px) 100vw, 1024px\" \/><figcaption class=\"wp-element-caption\">manifestations contre les m\u00e9gabassines \/ Village de l&rsquo;eau, juillet 2024<\/figcaption><\/figure>\n<\/div>\n<\/div>\n\n\n\n<div class=\"wp-block-group alignwide has-global-padding is-layout-constrained wp-block-group-is-layout-constrained\">\n<div class=\"wp-block-buttons is-layout-flex wp-block-buttons-is-layout-flex\">\n<div class=\"wp-block-button\"><a class=\"wp-block-button__link wp-element-button\" href=\"https:\/\/www.aleksandra-dergacova.fr\/?page_id=156\">d\u00e9couvrir la s\u00e9rie ici<\/a><\/div>\n<\/div>\n\n\n\n<p>Faisant partie d\u2019un r\u00e9seau engag\u00e9 sur les sujets \u00e9cologiques et sociaux en France il m&rsquo;arrive r\u00e9guli\u00e8rement de participer \u00e0 des \u00e9v\u00e9nements et mouvements et les documenter .<\/p>\n\n\n\n<p>De formation sur ces sujets (\u00e9cologie &amp; social) je fourni les photographies, les rushs vid\u00e9os et ponctuellement les \u00e9crits \u00e0 des divers collectifs et associations.<\/p>\n\n\n\n<div class=\"wp-block-group alignwide has-global-padding is-layout-constrained wp-block-group-is-layout-constrained\">\n<div class=\"wp-block-group is-nowrap is-layout-flex wp-container-core-group-is-layout-6c531013 wp-block-group-is-layout-flex\">\n<div class=\"wp-block-group has-global-padding is-layout-constrained wp-block-group-is-layout-constrained\">\n<div class=\"wp-block-columns is-layout-flex wp-container-core-columns-is-layout-28f84493 wp-block-columns-is-layout-flex\">\n<div class=\"wp-block-column is-layout-flow wp-block-column-is-layout-flow\" style=\"flex-basis:66.66%\">\n<figure class=\"wp-block-gallery has-nested-images columns-default is-cropped wp-block-gallery-1 is-layout-flex wp-block-gallery-is-layout-flex\">\n<figure class=\"wp-block-image size-large\"><img loading=\"lazy\" decoding=\"async\" width=\"1024\" height=\"683\" data-id=\"141\" src=\"https:\/\/www.aleksandra-dergacova.fr\/wp-content\/uploads\/2024\/04\/IMG_0627-1024x683.jpg\" alt=\"\" class=\"wp-image-141\" srcset=\"https:\/\/www.aleksandra-dergacova.fr\/wp-content\/uploads\/2024\/04\/IMG_0627-1024x683.jpg 1024w, https:\/\/www.aleksandra-dergacova.fr\/wp-content\/uploads\/2024\/04\/IMG_0627-300x200.jpg 300w, https:\/\/www.aleksandra-dergacova.fr\/wp-content\/uploads\/2024\/04\/IMG_0627-768x512.jpg 768w, https:\/\/www.aleksandra-dergacova.fr\/wp-content\/uploads\/2024\/04\/IMG_0627-1536x1024.jpg 1536w, https:\/\/www.aleksandra-dergacova.fr\/wp-content\/uploads\/2024\/04\/IMG_0627-2048x1365.jpg 2048w\" sizes=\"auto, (max-width: 1024px) 100vw, 1024px\" \/><\/figure>\n<\/figure>\n<\/div>\n\n\n\n<div class=\"wp-block-column is-layout-flow wp-block-column-is-layout-flow\" style=\"flex-basis:33.33%\">\n<figure class=\"wp-block-image size-large\"><img loading=\"lazy\" decoding=\"async\" width=\"1024\" height=\"683\" src=\"https:\/\/www.aleksandra-dergacova.fr\/wp-content\/uploads\/2024\/04\/IMG_0619-1024x683.jpg\" alt=\"\" class=\"wp-image-142\" srcset=\"https:\/\/www.aleksandra-dergacova.fr\/wp-content\/uploads\/2024\/04\/IMG_0619-1024x683.jpg 1024w, https:\/\/www.aleksandra-dergacova.fr\/wp-content\/uploads\/2024\/04\/IMG_0619-300x200.jpg 300w, https:\/\/www.aleksandra-dergacova.fr\/wp-content\/uploads\/2024\/04\/IMG_0619-768x512.jpg 768w, https:\/\/www.aleksandra-dergacova.fr\/wp-content\/uploads\/2024\/04\/IMG_0619-1536x1024.jpg 1536w, https:\/\/www.aleksandra-dergacova.fr\/wp-content\/uploads\/2024\/04\/IMG_0619-2048x1365.jpg 2048w\" sizes=\"auto, (max-width: 1024px) 100vw, 1024px\" \/><\/figure>\n\n\n\n<figure class=\"wp-block-image size-large\"><img loading=\"lazy\" decoding=\"async\" width=\"1024\" height=\"683\" src=\"https:\/\/www.aleksandra-dergacova.fr\/wp-content\/uploads\/2024\/04\/MG_0592-1024x683.jpeg\" alt=\"\" class=\"wp-image-143\" srcset=\"https:\/\/www.aleksandra-dergacova.fr\/wp-content\/uploads\/2024\/04\/MG_0592-1024x683.jpeg 1024w, https:\/\/www.aleksandra-dergacova.fr\/wp-content\/uploads\/2024\/04\/MG_0592-300x200.jpeg 300w, https:\/\/www.aleksandra-dergacova.fr\/wp-content\/uploads\/2024\/04\/MG_0592-768x512.jpeg 768w, https:\/\/www.aleksandra-dergacova.fr\/wp-content\/uploads\/2024\/04\/MG_0592-1536x1024.jpeg 1536w, https:\/\/www.aleksandra-dergacova.fr\/wp-content\/uploads\/2024\/04\/MG_0592-2048x1365.jpeg 2048w\" sizes=\"auto, (max-width: 1024px) 100vw, 1024px\" \/><\/figure>\n<\/div>\n<\/div>\n\n\n\n<hr class=\"wp-block-separator has-alpha-channel-opacity\"\/>\n\n\n\n<figure class=\"wp-block-image size-full is-resized\"><img loading=\"lazy\" decoding=\"async\" width=\"683\" height=\"1024\" src=\"https:\/\/www.aleksandra-dergacova.fr\/wp-content\/uploads\/2024\/04\/image-1.jpeg\" alt=\"L\u2019attribut alt de cette image est vide, son nom de fichier est IMG_0571-683x1024.jpeg.\" class=\"wp-image-146\" style=\"width:210px;height:auto\" srcset=\"https:\/\/www.aleksandra-dergacova.fr\/wp-content\/uploads\/2024\/04\/image-1.jpeg 683w, https:\/\/www.aleksandra-dergacova.fr\/wp-content\/uploads\/2024\/04\/image-1-200x300.jpeg 200w\" sizes=\"auto, (max-width: 683px) 100vw, 683px\" \/><\/figure>\n\n\n\n<h2 class=\"wp-block-heading\"><em>vid\u00e9o comme outil permettant une plus large visibilisation des projets inutiles et une plus forte mobilisation <\/em><\/h2>\n\n\n\n<p><\/p>\n<\/div>\n<\/div>\n<\/div>\n<\/div>\n\n\n\n<p><\/p>\n\n\n\n<figure class=\"wp-block-embed aligncenter is-type-video is-provider-youtube wp-block-embed-youtube wp-embed-aspect-16-9 wp-has-aspect-ratio\"><div class=\"wp-block-embed__wrapper\">\n<iframe loading=\"lazy\" title=\"SIGNEZ LA PETITION - NON \u00c0 L&#039;EXTENSION DE LA MINE DE GLOMEL (la plus grande au monde) !\" width=\"500\" height=\"281\" src=\"https:\/\/www.youtube.com\/embed\/McyZ2jUv1Wo?feature=oembed\" frameborder=\"0\" allow=\"accelerometer; autoplay; clipboard-write; encrypted-media; gyroscope; picture-in-picture; web-share\" referrerpolicy=\"strict-origin-when-cross-origin\" allowfullscreen><\/iframe>\n<\/div><figcaption class=\"wp-element-caption\">suite \u00e0 cette communication la p\u00e9tition a pu passer de 600 \u00e0 plus de 6 000 signataires. <br>en comprenant mieux les enjeux li\u00e9s \u00e0 la sant\u00e9 et \u00e0 l&rsquo;environnement, de nombreuses personnes ont pu \u00e9galement contribuer \u00e0 l&rsquo;enqu\u00eate publique.<\/figcaption><\/figure>\n\n\n\n<p><\/p>\n\n\n\n<h2 class=\"wp-block-heading\"><em>en soutien des luttes ultra-locales quasi invisibles  <\/em><\/h2>\n\n\n\n<p><\/p>\n\n\n\n<figure class=\"wp-block-embed is-type-video is-provider-youtube wp-block-embed-youtube wp-embed-aspect-16-9 wp-has-aspect-ratio\"><div class=\"wp-block-embed__wrapper\">\n<iframe loading=\"lazy\" title=\"COMMEMOR&#039;ACTIONS - 1 AN APRES SAINT-SOLINE - Gr\u00e9gory Lebert - EELV - 24 mars\" width=\"500\" height=\"281\" src=\"https:\/\/www.youtube.com\/embed\/g7dWRDSeFk8?feature=oembed\" frameborder=\"0\" allow=\"accelerometer; autoplay; clipboard-write; encrypted-media; gyroscope; picture-in-picture; web-share\" referrerpolicy=\"strict-origin-when-cross-origin\" allowfullscreen><\/iframe>\n<\/div><figcaption class=\"wp-element-caption\">mobilisation contre l&rsquo;accaparement ill\u00e9gal et la pollution de l&rsquo;eau par un bulbiculteur. Ploemeur, mars 2024<\/figcaption><\/figure>\n\n\n\n<figure class=\"wp-block-embed is-type-video is-provider-youtube wp-block-embed-youtube wp-embed-aspect-16-9 wp-has-aspect-ratio\"><div class=\"wp-block-embed__wrapper\">\n<iframe loading=\"lazy\" title=\"LES MILITANTS DE STOP CROISIERE BZH ONT BLOQU\u00c9 UNE CROISI\u00c8RE \u00c0 CONCARNEAU !\" width=\"500\" height=\"281\" src=\"https:\/\/www.youtube.com\/embed\/oGVBwJlaDd8?start=1&#038;feature=oembed\" frameborder=\"0\" allow=\"accelerometer; autoplay; clipboard-write; encrypted-media; gyroscope; picture-in-picture; web-share\" referrerpolicy=\"strict-origin-when-cross-origin\" allowfullscreen><\/iframe>\n<\/div><figcaption class=\"wp-element-caption\">bloquage du port par les kayaks \/ lutte contre les croisi\u00e8res de luxe \u00e0 Concarneau<\/figcaption><\/figure>\n\n\n\n<p><\/p>\n\n\n\n<p>J&rsquo;ai cr\u00e9e la chaine \u00ab\u00a0R\u00e9sistance artiviste\u00a0\u00bb qui vise \u00e0 rendre les luttes, les r\u00e9sistances et les mouvements invisibles plus visibles. Nous avons besoin d&rsquo;\u00eatre plus nombreuses et nombreux sur ce front d&rsquo;information des populations locales. <\/p>\n\n\n\n<p>Contactez-moi si vous avez envie de rejoindre cette chaine et mutualiser nos travaux.<\/p>\n\n\n\n<p>Je reste aussi mobilisable pour toute sollicitation de collaboration avec les m\u00e9dias et presse.<\/p>\n\n\n\n<hr class=\"wp-block-separator has-alpha-channel-opacity\"\/>\n\n\n\n<p class=\"has-text-align-center\"><strong><a href=\"https:\/\/www.youtube.com\/@ResistanceArtiviste\" data-type=\"link\" data-id=\"https:\/\/www.youtube.com\/@ResistanceArtiviste\">d\u00e9couvrez ici ma vid\u00e9ographie \/ interviews \/ reportages<\/a> <\/strong><\/p>\n\n\n\n<ul class=\"wp-block-social-links aligncenter is-layout-flex wp-block-social-links-is-layout-flex\"><li class=\"wp-social-link wp-social-link-youtube  wp-block-social-link\"><a href=\"https:\/\/www.youtube.com\/@ResistanceArtiviste\" class=\"wp-block-social-link-anchor\"><svg width=\"24\" height=\"24\" viewBox=\"0 0 24 24\" version=\"1.1\" xmlns=\"http:\/\/www.w3.org\/2000\/svg\" aria-hidden=\"true\" focusable=\"false\"><path d=\"M21.8,8.001c0,0-0.195-1.378-0.795-1.985c-0.76-0.797-1.613-0.801-2.004-0.847c-2.799-0.202-6.997-0.202-6.997-0.202 h-0.009c0,0-4.198,0-6.997,0.202C4.608,5.216,3.756,5.22,2.995,6.016C2.395,6.623,2.2,8.001,2.2,8.001S2,9.62,2,11.238v1.517 c0,1.618,0.2,3.237,0.2,3.237s0.195,1.378,0.795,1.985c0.761,0.797,1.76,0.771,2.205,0.855c1.6,0.153,6.8,0.201,6.8,0.201 s4.203-0.006,7.001-0.209c0.391-0.047,1.243-0.051,2.004-0.847c0.6-0.607,0.795-1.985,0.795-1.985s0.2-1.618,0.2-3.237v-1.517 C22,9.62,21.8,8.001,21.8,8.001z M9.935,14.594l-0.001-5.62l5.404,2.82L9.935,14.594z\"><\/path><\/svg><span class=\"wp-block-social-link-label screen-reader-text\">YouTube<\/span><\/a><\/li><\/ul>\n","protected":false},"excerpt":{"rendered":"<p>Photographie des mouvements de r\u00e9sistance Faisant partie d\u2019un r\u00e9seau engag\u00e9 sur les sujets \u00e9cologiques et sociaux en France il m&rsquo;arrive r\u00e9guli\u00e8rement de participer \u00e0 des \u00e9v\u00e9nements et mouvements et les documenter . De formation sur ces sujets (\u00e9cologie &amp; social) je fourni les photographies, les rushs vid\u00e9os et ponctuellement les \u00e9crits \u00e0 des divers collectifs [&hellip;]<\/p>\n","protected":false},"author":1,"featured_media":0,"parent":0,"menu_order":0,"comment_status":"closed","ping_status":"closed","template":"","meta":{"_siteseo_robots_primary_cat":"","footnotes":""},"class_list":["post-6","page","type-page","status-publish","hentry"],"_links":{"self":[{"href":"https:\/\/www.aleksandra-dergacova.fr\/index.php?rest_route=\/wp\/v2\/pages\/6","targetHints":{"allow":["GET"]}}],"collection":[{"href":"https:\/\/www.aleksandra-dergacova.fr\/index.php?rest_route=\/wp\/v2\/pages"}],"about":[{"href":"https:\/\/www.aleksandra-dergacova.fr\/index.php?rest_route=\/wp\/v2\/types\/page"}],"author":[{"embeddable":true,"href":"https:\/\/www.aleksandra-dergacova.fr\/index.php?rest_route=\/wp\/v2\/users\/1"}],"replies":[{"embeddable":true,"href":"https:\/\/www.aleksandra-dergacova.fr\/index.php?rest_route=%2Fwp%2Fv2%2Fcomments&post=6"}],"version-history":[{"count":17,"href":"https:\/\/www.aleksandra-dergacova.fr\/index.php?rest_route=\/wp\/v2\/pages\/6\/revisions"}],"predecessor-version":[{"id":270,"href":"https:\/\/www.aleksandra-dergacova.fr\/index.php?rest_route=\/wp\/v2\/pages\/6\/revisions\/270"}],"wp:attachment":[{"href":"https:\/\/www.aleksandra-dergacova.fr\/index.php?rest_route=%2Fwp%2Fv2%2Fmedia&parent=6"}],"curies":[{"name":"wp","href":"https:\/\/api.w.org\/{rel}","templated":true}]}}